{"id":6392,"date":"2022-09-15T13:57:41","date_gmt":"2022-09-15T17:57:41","guid":{"rendered":"https:\/\/inmobiliariacabimasplaza.com\/newsite\/?post_type=property&#038;p=6392"},"modified":"2026-03-03T15:29:44","modified_gmt":"2026-03-03T19:29:44","slug":"217-se-alquila-7-locales-comerciales-en-la-av-intercomunal-en-cabimas","status":"publish","type":"property","link":"https:\/\/inmobiliariacabimasplaza.com\/newsite\/property\/217-se-alquila-7-locales-comerciales-en-la-av-intercomunal-en-cabimas\/","title":{"rendered":"217 &#8211; Se Vende y\/o Alquila Centro Comercial en la Av. Intercomunal en Cabimas"},"content":{"rendered":"","protected":false},"excerpt":{"rendered":"<p>Grupo Inmobiliario Cabimas Plaza<br \/>\nVende y\/o Alquila Centro Comercial en la Av Intercomunal, Cabimas<\/p>\n<p>Consta de:<br \/>\n\u25aa\ufe0fLocal #1 con un \u00e1rea de 63,02 m2 en su interior es completamente abierto, no tiene paredes de drywall levantadas por lo que est\u00e1 compuesto por un solo espacio, posee ba\u00f1o privado.<\/p>\n<p>\u25aa\ufe0fLocal #2 con un \u00e1rea de 42,91 m2 en su interior est\u00e1 dividido en cuatro (4) ambientes con paredes de drywall, conformando as\u00ed un espacio de tres (3) oficinas y una recepci\u00f3n posee ba\u00f1o privado.<\/p>\n<p>\u25aa\ufe0fLocal #3 con un \u00e1rea de 128,80 m2 en su interior est\u00e1 dividido en dos plantas, la planta baja est\u00e1 conformada por (1) una recepci\u00f3n, tres (3) oficinas y dos (2) ba\u00f1os,  la planta alta  est\u00e1 conformada por cuatro (4) oficinas todas las oficinas internas est\u00e1n hechas con divisiones de paredes de drywall.<\/p>\n<p>\u25aa\ufe0fLocal # 4 con un \u00e1rea de 98,01 m2 en su interior est\u00e1 dividido en dos plantas, tanto la planta baja como la planta alta est\u00e1n abiertas sin ning\u00fan tipo de divisi\u00f3n interna.  Posee dos (2)  ba\u00f1os.<\/p>\n<p>\u25aa\ufe0fLocal # 5 con un \u00e1rea de 92,37 m2 en su interior est\u00e1 dividido en dos plantas, tanto la planta baja como la planta alta est\u00e1n abiertas sin ning\u00fan tipo de divisi\u00f3n interna.  Posee dos (2)  ba\u00f1os.<\/p>\n<p>\u25aa\ufe0fLocal # 6 con un \u00e1rea de 97,03 m2 en su interior est\u00e1 dividido en dos plantas,  la planta baja es abierta sin divisiones, la planta est\u00e1 compuesta por cuatro (4) oficinas hechas con perfil de aluminio blanco y vidrio. Posee dos (2)  ba\u00f1os.<\/p>\n<p>\u25aa\ufe0fLocal # 7 con una \u00e1rea de 430 m2 este local posee una sola planta la cual est\u00e1 dividida en varias \u00e1reas con paredes de drywall, posee (1) un \u00e1rea de recepci\u00f3n, un \u00e1rea de cuatro (4) oficinas peque\u00f1as, una \u00e1rea de una  (1) oficina muy amplia   y cuatro (4) ba\u00f1os.<\/p>\n<p>Precio: 550.000\u2618\ufe0f<br \/>\nCanon: 2.000\u2618\ufe0f<\/p>\n<p>Asesora Inmobiliaria<br \/>\nJessica Borjas<br \/>\n0412-1640156<br \/>\nCod: 217<\/p>\n","protected":false},"author":2,"featured_media":6393,"parent":0,"menu_order":0,"comment_status":"open","ping_status":"closed","template":"","property-types":[20,55],"property-statuses":[24],"property-cities":[46],"property-features":[],"class_list":["post-6392","property","type-property","status-publish","has-post-thumbnail","hentry","property-type-commercial","property-type-local","property-status-en-alquiler","property-city-zulia","clearfix"],"_links":{"self":[{"href":"https:\/\/inmobiliariacabimasplaza.com\/newsite\/wp-json\/wp\/v2\/properties\/6392","targetHints":{"allow":["GET"]}}],"collection":[{"href":"https:\/\/inmobiliariacabimasplaza.com\/newsite\/wp-json\/wp\/v2\/properties"}],"about":[{"href":"https:\/\/inmobiliariacabimasplaza.com\/newsite\/wp-json\/wp\/v2\/types\/property"}],"author":[{"embeddable":true,"href":"https:\/\/inmobiliariacabimasplaza.com\/newsite\/wp-json\/wp\/v2\/users\/2"}],"replies":[{"embeddable":true,"href":"https:\/\/inmobiliariacabimasplaza.com\/newsite\/wp-json\/wp\/v2\/comments?post=6392"}],"version-history":[{"count":4,"href":"https:\/\/inmobiliariacabimasplaza.com\/newsite\/wp-json\/wp\/v2\/properties\/6392\/revisions"}],"predecessor-version":[{"id":10941,"href":"https:\/\/inmobiliariacabimasplaza.com\/newsite\/wp-json\/wp\/v2\/properties\/6392\/revisions\/10941"}],"wp:featuredmedia":[{"embeddable":true,"href":"https:\/\/inmobiliariacabimasplaza.com\/newsite\/wp-json\/wp\/v2\/media\/6393"}],"wp:attachment":[{"href":"https:\/\/inmobiliariacabimasplaza.com\/newsite\/wp-json\/wp\/v2\/media?parent=6392"}],"wp:term":[{"taxonomy":"property-type","embeddable":true,"href":"https:\/\/inmobiliariacabimasplaza.com\/newsite\/wp-json\/wp\/v2\/property-types?post=6392"},{"taxonomy":"property-status","embeddable":true,"href":"https:\/\/inmobiliariacabimasplaza.com\/newsite\/wp-json\/wp\/v2\/property-statuses?post=6392"},{"taxonomy":"property-city","embeddable":true,"href":"https:\/\/inmobiliariacabimasplaza.com\/newsite\/wp-json\/wp\/v2\/property-cities?post=6392"},{"taxonomy":"property-feature","embeddable":true,"href":"https:\/\/inmobiliariacabimasplaza.com\/newsite\/wp-json\/wp\/v2\/property-features?post=6392"}],"curies":[{"name":"wp","href":"https:\/\/api.w.org\/{rel}","templated":true}]}}